{"id":3333,"date":"2019-03-29T10:02:44","date_gmt":"2019-03-29T09:02:44","guid":{"rendered":"http:\/\/nove.aglow.cz\/?page_id=3333"},"modified":"2024-12-19T10:08:27","modified_gmt":"2024-12-19T09:08:27","slug":"o-nas","status":"publish","type":"page","link":"https:\/\/aglow.cz\/index.php\/homepage-2\/o-nas\/","title":{"rendered":"O n\u00e1s"},"content":{"rendered":"<div id='layer_slider_1'  class='avia-layerslider main_color avia-shadow  avia-builder-el-0  el_before_av_three_fourth  avia-builder-el-first  container_wrap sidebar_right'  style='height: 701px; max-width: 3000px; margin: 0 auto;'  ><\/div><div id='after_layer_slider_1'  class='main_color av_default_container_wrap container_wrap sidebar_right'  ><div class='container av-section-cont-open' ><div class='template-page content  av-content-small alpha units'><div class='post-entry post-entry-type-page post-entry-3333'><div class='entry-content-wrapper clearfix'>\n\n<style type=\"text\/css\" data-created_by=\"avia_inline_auto\" id=\"style-css-av-4hmtvp-75a29a63a47878a7505fe459131e6f0e\">\n.flex_column.av-4hmtvp-75a29a63a47878a7505fe459131e6f0e{\nborder-radius:0px 0px 0px 0px;\npadding:0px 0px 0px 0px;\n}\n<\/style>\n<div  class='flex_column av-4hmtvp-75a29a63a47878a7505fe459131e6f0e av_three_fourth  avia-builder-el-1  el_after_av_layerslider  el_before_av_one_fourth  avia-builder-el-first  first flex_column_div av-zero-column-padding  '     ><section  class='av_textblock_section av-39oead-94aabdf0f4c9b7dedd303d0516ed5960 '   itemscope=\"itemscope\" itemtype=\"https:\/\/schema.org\/CreativeWork\" ><div class='avia_textblock'  itemprop=\"text\" ><table>\n<tbody>\n<tr>\n<td style=\"width: 300px; background-color: #f3e8e8; vertical-align: top;\"><img loading=\"lazy\" decoding=\"async\" class=\"alignnone wp-image-3473 size-medium\" src=\"http:\/\/nove.aglow.cz\/wp-content\/uploads\/2019\/04\/point2-e1554384843741-300x291.png\" alt=\"\" width=\"300\" height=\"291\" srcset=\"https:\/\/aglow.cz\/wp-content\/uploads\/2019\/04\/point2-e1554384843741-300x291.png 300w, https:\/\/aglow.cz\/wp-content\/uploads\/2019\/04\/point2-e1554384843741-768x744.png 768w, https:\/\/aglow.cz\/wp-content\/uploads\/2019\/04\/point2-e1554384843741-1030x998.png 1030w, https:\/\/aglow.cz\/wp-content\/uploads\/2019\/04\/point2-e1554384843741-36x36.png 36w, https:\/\/aglow.cz\/wp-content\/uploads\/2019\/04\/point2-e1554384843741-705x683.png 705w, https:\/\/aglow.cz\/wp-content\/uploads\/2019\/04\/point2-e1554384843741-450x436.png 450w, https:\/\/aglow.cz\/wp-content\/uploads\/2019\/04\/point2-e1554384843741.png 1043w\" sizes=\"auto, (max-width: 300px) 100vw, 300px\" \/><\/td>\n<td style=\"width: 902px; vertical-align: top; background-color: #f3e8e8;\"><span style=\"font-size: 18pt; font-family: georgia, palatino, serif; color: #592828;\">Kdo jsme?<\/span><\/p>\n<p>Aglow je naddenomina\u010dn\u00ed organizace, zam\u011b\u0159uj\u00edc\u00ed se na\u00a0slu\u017ebu \u017een\u00e1m. Tato slu\u017eba je\u00a0roz\u0161\u00ed\u0159en\u00e1\u00a0po cel\u00e9m sv\u011bt\u011b, a tak\u00e9 v\u00a0\u010cR.\u00a0\u00a0Aglow z\u00edskalo n\u00e1zev z\u00a0anglick\u00e9ho p\u0159ekladu \u0158\u00edman\u016fm 12,11 \u2013 \u201eBe aglow and burnint with the Spirit.\u201c ( Bu\u010fte vrouc\u00edho ducha).\u00a0\u010clenkami Aglow jsou\u00a0k\u0159es\u0165anky, kter\u00fdm ho\u0159\u00ed srdce pro P\u00e1na a jsou odd\u00e1ny Je\u017e\u00ed\u0161i Kristu jako Spasiteli a P\u00e1nu, a kter\u00e9 cht\u011bj\u00ed\u00a0b\u00fdt sv\u011btlem ve sv\u00e9m okol\u00ed.<\/p>\n<p>\u017deny, ale v dne\u0161n\u00ed dob\u011b tak\u00e9 mu\u017ei, se zam\u011b\u0159uj\u00ed na modlitbu a evangelizaci, tou\u017e\u00ed sv\u00fdm \u017eivotem, jedn\u00e1n\u00edm p\u0159iv\u00e1d\u011bt lidi ke Kristu a posilovat jejich k\u0159es\u0165ansk\u00fd \u017eivot. B\u00fdt pro lidi kolem n\u00e1s takovou \u201emezistanic\u00ed\u201c na cest\u011b ke Kristu a do c\u00edrkve.<\/p>\n<p>Na cel\u00e9m sv\u011bt\u011b maj\u00ed \u017eeny stejn\u00e9 pot\u0159eby: l\u00e1sku, odpu\u0161t\u011bn\u00ed, p\u0159ijet\u00ed, porozum\u011bn\u00ed i pot\u0159ebu hledat smysl \u017eivota. A\u0165 jsou svobodn\u00e9 nebo vdan\u00e9, pracuj\u00edc\u00ed, studentky, \u010di \u017eeny v\u00a0dom\u00e1cnosti pot\u0159ebuj\u00ed pozn\u00e1vat Boha, p\u0159ijmout Jeho l\u00e1sku a odpu\u0161t\u011bn\u00ed, kter\u00e9 nab\u00edz\u00ed ve sv\u00e9m Synu, Je\u017e\u00ed\u0161i Kristu.<\/p>\n<p>Sch\u00e1z\u00edme se jednou m\u011bs\u00ed\u010dn\u011b na skupink\u00e1ch v\u00a0r\u016fzn\u00fdch m\u011bstech, kde krom\u011b k\u0159es\u0165ansk\u00fdch aktivit d\u011bl\u00e1me r\u016fzn\u00e9 workshopy, u\u010d\u00edme se nov\u00e9 techniky pro v\u00fdzdobu dom\u00e1cnosti, d\u00e1v\u00e1me \u017eivotn\u00ed sv\u011bdectv\u00ed, modl\u00edme se za osobn\u00ed pot\u0159eby p\u0159\u00edchoz\u00edch a tak\u00e9 chv\u00e1l\u00edme Boha za Jeho l\u00e1sku, dobrotu a jedn\u00e1n\u00ed v\u00a0na\u0161ich \u017eivotech.<\/p>\n<p>V\u00a0n\u011bkter\u00fdch m\u011bstech d\u011bl\u00e1me i dvakr\u00e1t ro\u010dn\u011b konferenci pro region, pro \u017eeny, ale tak\u00e9 pro mu\u017ee. Jednou ro\u010dn\u011b po\u0159\u00e1d\u00e1me N\u00e1rodn\u00ed konferenci.<\/p>\n<p>T\u00e9ma konference a p\u0159ihl\u00e1\u0161ky jsou na na\u0161ich webov\u00fdch str\u00e1nk\u00e1ch: <a href=\"http:\/\/www.aglow.cz\">www.aglow.cz<\/a><\/td>\n<\/tr>\n<\/tbody>\n<\/table>\n<\/div><\/section><br \/>\n<section  class='av_textblock_section av-39oead-4-d035224014a473cbd2c83e48f7a5b6d4 '   itemscope=\"itemscope\" itemtype=\"https:\/\/schema.org\/CreativeWork\" ><div class='avia_textblock'  itemprop=\"text\" ><table>\n<tbody>\n<tr>\n<td style=\"background-color: #f3e8e8; width: 300px; border-color: #f3e8e8; text-align: center; vertical-align: top;\"><img loading=\"lazy\" decoding=\"async\" class=\"alignnone wp-image-3470 size-medium\" src=\"http:\/\/nove.aglow.cz\/wp-content\/uploads\/2019\/04\/point-3-e1554384897950-300x293.png\" alt=\"\" width=\"300\" height=\"293\" srcset=\"https:\/\/aglow.cz\/wp-content\/uploads\/2019\/04\/point-3-e1554384897950-300x293.png 300w, https:\/\/aglow.cz\/wp-content\/uploads\/2019\/04\/point-3-e1554384897950-768x750.png 768w, https:\/\/aglow.cz\/wp-content\/uploads\/2019\/04\/point-3-e1554384897950-1030x1005.png 1030w, https:\/\/aglow.cz\/wp-content\/uploads\/2019\/04\/point-3-e1554384897950-36x36.png 36w, https:\/\/aglow.cz\/wp-content\/uploads\/2019\/04\/point-3-e1554384897950-705x688.png 705w, https:\/\/aglow.cz\/wp-content\/uploads\/2019\/04\/point-3-e1554384897950-450x439.png 450w, https:\/\/aglow.cz\/wp-content\/uploads\/2019\/04\/point-3-e1554384897950.png 1040w\" sizes=\"auto, (max-width: 300px) 100vw, 300px\" \/><\/td>\n<td style=\"width: 902px; background-color: #f3e8e8; vertical-align: top;\"><span style=\"font-size: 18pt; font-family: georgia, palatino, serif; color: #592828;\">Historie<\/span><\/p>\n<p>Psal se rok 1992 a v\u00a0Kongresov\u00e9m centru v\u00a0Praze se konala mezin\u00e1rodn\u00ed konference Aglow. Jedna sestra z\u00a0na\u0161eho sboru m\u011b tenkr\u00e1t p\u0159emluvila, abych s\u00a0n\u00ed na tuto konferenci jela. P\u0159izn\u00e1v\u00e1m, necht\u011blo se mi. P\u0159edstava pln\u00e9ho s\u00e1lu \u017een ve mn\u011b vyvol\u00e1vala vzpom\u00ednky na akce komunistick\u00e9ho \u010ceskoslovensk\u00e9ho svazu \u017een. Byla jsem v\u0161ak p\u0159emluvena a na tuto akci s\u00a0touto sestrou vyrazila. To, s\u00a0\u010d\u00edm jsme se\u00a0 setkaly, bylo kr\u00e1sn\u00e9 a siln\u00e9. Mnoh\u00e9 si u\u017e nepamatuji, ale v\u00edm, \u017ee sestra, se kterou jsem jela, probre\u010dela celou cestu dom\u016f. Bylo to m\u00edsto pln\u00e9 l\u00e1sky a Bo\u017e\u00ed p\u0159\u00edtomnosti.<\/p>\n<p>Kdy\u017e mi za n\u011bjakou dobu p\u0159i\u0161el dopis a s\u00a0n\u00edm pozv\u00e1n\u00ed na setk\u00e1n\u00ed t\u011bch, kte\u0159\u00ed projevili z\u00e1jem o Aglow, zjistila jsem, \u017ee jsem se n\u011bkam b\u011bhem konference z\u0159ejm\u011b podepsala a nechala na sebe kontakt. Pln\u00e1 rozechv\u011bn\u00ed jsme jela na setk\u00e1n\u00ed s\u00a0Janice Winnes, americkou mision\u00e1\u0159kou, kter\u00e1 s\u00a0man\u017eelem slou\u017eila v\u00a0Praze.<\/p>\n<p>Na ot\u00e1zku, zda bychom cht\u011bli za\u010d\u00edt se setk\u00e1v\u00e1n\u00edm Aglow v\u00a0\u010cech\u00e1ch, jsem nejist\u011b p\u0159ipustila: \u201eNo mo\u017en\u00e1 p\u00e1rkr\u00e1t a jen u n\u00e1s v\u00a0ob\u00fdvac\u00edm pokoji.\u201c<\/p>\n<p>Za\u010dali jsme opravdu u n\u00e1s v\u00a0pokoji, ale ji\u017e brzy jsme obj\u00ed\u017ed\u011bli nov\u011b vznikaj\u00edc\u00ed skupinky Aglow po \u010cech\u00e1ch. Tou dobou k n\u00e1m p\u0159ij\u00ed\u017ed\u011bly \u010dasto slou\u017eit sestry z\u00a0Holandska. Holandsk\u00e9 Aglow si n\u00e1s adoptovalo a velmi n\u00e1m pom\u00e1halo.<\/p>\n<p>V\u00a0roce 1994 se konala prvn\u00ed \u010cesk\u00e1 konference Aglow ve \u017d\u010f\u00e1ru nad S\u00e1zavou.\u00a0 Na ty za\u010d\u00e1tky r\u00e1da vzpom\u00edn\u00e1m. Organiza\u010dn\u011b jsme byli opravdu dobrodruzi.\u00a0 Pamatuji,\u00a0 jak jsme ve t\u0159ech, Janice Winnes, Jarka, tenkr\u00e1t Dandov\u00e1 a j\u00e1, na chodb\u011b hotelu po\u010d\u00edtaly pen\u00edze, nebo jak jsem na stup\u00ednku zahajovala shrom\u00e1\u017ed\u011bn\u00ed a p\u0159itom mi n\u011bkdo \u0161eptal, \u017ee na z\u00e1chodech nejsou pap\u00edry. Pamatuji ale t\u00e9\u017e na \u00fa\u017easnou p\u0159\u00edtomnost Ducha svat\u00e9ho, na to jak byly mnoh\u00e9 \u017eeny povzbuzeny, vysvobozeny, napln\u011bny novou radost\u00ed a v\u00edrou.<\/p>\n<p>Aglow se postupn\u011b rozr\u016fstalo. Na za\u010d\u00e1tku u n\u00e1s vzniklo pom\u011brn\u011b dost m\u00edstn\u00edch skupin. N\u011bkter\u00e9 dodnes v\u011brn\u011b stoj\u00ed ve slu\u017eb\u011b, n\u011bkter\u00e9 svou pr\u00e1ci po \u010dase ukon\u010dily. Jsou i m\u00edsta, kde Aglow na n\u011bjakou dobu skon\u010dilo, ale po \u010dase skupinka pro\u017eila nov\u00e9 povzbuzen\u00ed a za\u010dala se znovu sch\u00e1zet. \u00a0N\u011bkter\u00e9 skupinky na\u0161ly nov\u00e9 zp\u016fsoby,\u00a0 jak m\u016f\u017ee Aglow slou\u017eit.<\/p>\n<p>V\u00a0roce 1995 se konference Aglow\u00a0 p\u0159esunula do Nymburka, kde byly v\u011bt\u0161\u00ed prostory. Po \u010dase jsme za\u010daly po\u0159\u00e1dat je\u0161t\u011b druhou konferenci na Morav\u011b.<\/p>\n<p>V\u00a0roce 1995 jsme se prvn\u011b \u00fa\u010dastnily mezin\u00e1rodn\u00ed konference Aglow v\u00a0USA. Bylo dojemn\u00e9 n\u00e9st \u010deskou vlajku s\u00e1lem mezi lidmi, kte\u0159\u00ed n\u00e1s zdravili a \u017eehnali n\u00e1m.<\/p>\n<p>Z\u00a0t\u00e9to konference si vybavuji je\u0161t\u011b jeden velmi siln\u00fd z\u00e1\u017eitek. Na p\u00f3diu vystoupila star\u00e1 sestra. Byla to jedna ze \u010dty\u0159 \u201ezakladatelek\u201c Aglow v USA. V\u00a0roce1967 \u010dty\u0159i \u017eeny hledaly zp\u016fsob, jak p\u0159in\u00e9st evangelium sv\u00e9mu okol\u00ed a jak se sch\u00e1zet s\u00a0ostatn\u00edmi k\u0159es\u0165any bez hranic. Za\u010daly zv\u00e1t sv\u00e9 p\u0159\u00edtelkyn\u011b na k\u00e1vu a z\u00e1kusek a sd\u00edlely se s\u00a0nimi o tom, co B\u016fh d\u011bl\u00e1 v\u00a0jejich \u017eivotech. \u00a0Te\u010f tam st\u00e1la jedna z nich a p\u0159ed n\u00ed byla paleta \u017een v\u0161ech mo\u017en\u00fdch ras a n\u00e1rod\u016f. Bylo \u00fachvatn\u00e9 vid\u011bt, \u00a0jak vyrostlo Bo\u017e\u00ed d\u00edlo.<\/p>\n<p>Dnes se mnohde Aglow m\u011bn\u00ed. M\u011bn\u00ed zp\u016fsob slu\u017eby, m\u011bn\u00ed styl pr\u00e1ce. Co se ale nem\u011bn\u00ed jeto, \u017ee \u017eeny cht\u011bj\u00ed p\u0159in\u00e1\u0161et dal\u0161\u00edm povzbuzen\u00ed, pot\u011b\u0161en\u00ed, spasen\u00ed.<\/td>\n<\/tr>\n<\/tbody>\n<\/table>\n<\/div><\/section><br \/>\n<section  class='av_textblock_section av-39oead-3-8e2717a673449fa78e6be46002b738ce '   itemscope=\"itemscope\" itemtype=\"https:\/\/schema.org\/CreativeWork\" ><div class='avia_textblock'  itemprop=\"text\" ><table>\n<tbody>\n<tr>\n<td style=\"width: 300px; background-color: #f3e8e8; vertical-align: top;\"><img loading=\"lazy\" decoding=\"async\" class=\"alignnone wp-image-3472 size-medium\" src=\"http:\/\/nove.aglow.cz\/wp-content\/uploads\/2019\/04\/point1-e1554384751696-300x295.png\" alt=\"\" width=\"300\" height=\"295\" srcset=\"https:\/\/aglow.cz\/wp-content\/uploads\/2019\/04\/point1-e1554384751696-300x295.png 300w, https:\/\/aglow.cz\/wp-content\/uploads\/2019\/04\/point1-e1554384751696-80x80.png 80w, https:\/\/aglow.cz\/wp-content\/uploads\/2019\/04\/point1-e1554384751696-768x754.png 768w, https:\/\/aglow.cz\/wp-content\/uploads\/2019\/04\/point1-e1554384751696-1030x1011.png 1030w, https:\/\/aglow.cz\/wp-content\/uploads\/2019\/04\/point1-e1554384751696-36x36.png 36w, https:\/\/aglow.cz\/wp-content\/uploads\/2019\/04\/point1-e1554384751696-705x692.png 705w, https:\/\/aglow.cz\/wp-content\/uploads\/2019\/04\/point1-e1554384751696-450x442.png 450w, https:\/\/aglow.cz\/wp-content\/uploads\/2019\/04\/point1-e1554384751696.png 1040w\" sizes=\"auto, (max-width: 300px) 100vw, 300px\" \/><\/td>\n<td style=\"width: 902px; vertical-align: top; background-color: #f3e8e8;\"><span style=\"font-size: 18pt; font-family: georgia, palatino, serif; color: #592828;\">Vyzn\u00e1n\u00ed<\/span><\/p>\n<p>Aglow je mezin\u00e1rodn\u00ed organizac\u00ed \u017een a mu\u017e\u016f p\u016fsob\u00edc\u00ed ve v\u00edce ne\u017e 170 n\u00e1rodech sv\u011bta, kter\u00e1 pro\u00a0\u0159e\u0161en\u00ed probl\u00e9m\u016f a v\u00fdzev na\u0161\u00ed doby\u00a0nab\u00edz\u00ed Bo\u017e\u00ed principy z Bible.<\/p>\n<h5><span style=\"color: #808080;\"><strong>Vize<\/strong><\/span><\/h5>\n<p>\u0160\u00ed\u0159it Bo\u017e\u00ed kr\u00e1lovstv\u00ed skrze rostouc\u00ed pozn\u00e1n\u00ed Boha.<\/p>\n<h5><span style=\"color: #808080;\"><strong>Mise (=\u00a0Posl\u00e1n\u00ed)\u00a0<\/strong><\/span><\/h5>\n<p>Bo\u017e\u00ed kr\u00e1lovstv\u00ed je uskute\u010d\u0148ov\u00e1n\u00edm\u00a0Bo\u017e\u00ed\u00a0l\u00e1sky, milosti, Bo\u017e\u00ed moci a vl\u00e1dy na zemi.<\/p>\n<p>Aglow International je hnut\u00edm tohoto Kr\u00e1lovstv\u00ed.\u00a0Zavazuje se:<\/p>\n<p>\u017d\u00edt v p\u0159\u00edtomnosti Bo\u017e\u00ed a utv\u00e1\u0159et na zemi stejnou atmosf\u00e9ru, jak\u00e1 je v nebi.<\/p>\n<p>Shroma\u017e\u010fovat miliony lid\u00ed ve spole\u010denstv\u00ed bojovn\u00edk\u016f, \u0161ampi\u00f3n\u016f a v\u00fdznamn\u00fdch sv\u011btov\u00fdch vedouc\u00edch zast\u00e1vaj\u00edc\u00edch biblick\u00e1 stanoviska.<\/p>\n<p>Budovat Bo\u017e\u00ed kr\u00e1lovstv\u00ed ve v\u0161ech spole\u010denstv\u00edch, m\u011bstech a n\u00e1rodech, a to skrze rozvoj apo\u0161tolsk\u00fdch t\u00fdm\u016f demonstruj\u00edc\u00edch Bo\u017e\u00ed moc z nebe.<\/p>\n<h5><span style=\"color: #808080;\"><strong>Heslo<\/strong><\/span><\/h5>\n<p>Zas\u00e1hnout ka\u017ed\u00fd n\u00e1rod, zm\u011bnit ka\u017ed\u00e9 srdce!<\/p>\n<h5><span style=\"color: #808080;\"><strong>Co v\u011b\u0159\u00edme<\/strong><\/span><\/h5>\n<p><strong>V\u011b\u0159\u00edme<\/strong>\u00a0v jednoho, trojjedin\u00e9ho Boha. Uzn\u00e1v\u00e1me, \u017ee existuje jedin\u00fd prav\u00fd B\u016fh, kter\u00fd sest\u00e1v\u00e1 ze t\u0159\u00ed odli\u0161n\u00fdch osob: B\u016fh Otec, B\u016fh Syn a B\u016fh Duch svat\u00fd.<\/p>\n<p>(1J 5:5-8; J 1:1; Mt 28:19-20)<\/p>\n<p><strong>V\u011b\u0159\u00edme<\/strong>, \u017ee P\u00e1n Je\u017e\u00ed\u0161 Kristus, jednorozen\u00fd Bo\u017e\u00ed Syn, byl po\u010dat Duchem svat\u00fdm, narodil se z panny Marie, byl uk\u0159i\u017eov\u00e1n, zem\u0159el, byl poh\u0159ben a byl vzk\u0159\u00ed\u0161en z mrtv\u00fdch. Vystoupil do nebe a nyn\u00ed sed\u00ed po pravici Boha Otce a je prav\u00fd B\u016fh a prav\u00fd \u010dlov\u011bk.<\/p>\n<p>(Mt, Mk, L, J)<\/p>\n<p><strong>V\u011b\u0159\u00edme<\/strong>, \u017ee Bible ve sv\u00e9 \u00faplnosti sest\u00e1v\u00e1 ze Star\u00e9 a Nov\u00e9 smlouvy. Je to Bo\u017e\u00ed slovo, pln\u011b inspirovan\u00e9 a zapsan\u00e9 pod vdechnut\u00edm Ducha svat\u00e9ho. Je sm\u011brnic\u00ed na\u0161\u00ed v\u00edry i \u017eivota.<\/p>\n<p>(2Tm 3:16-17)<\/p>\n<p><strong>V\u011b\u0159\u00edme<\/strong>, \u017ee v\u0161ichni lid\u00e9 se rod\u00ed jako h\u0159\u00ed\u0161n\u00edci. Duch svat\u00fd usv\u011bd\u010duje z h\u0159\u00edchu. P\u00e1n Je\u017e\u00ed\u0161 Kristus zaplatil cenu za h\u0159\u00edch t\u00edm, \u017ee prolil svou drahou krev na k\u0159\u00ed\u017ei jako v\u00fdkupn\u00e9 za h\u0159\u00edch. Ti, kdo odm\u00edtaj\u00ed p\u0159ijmout jeho ob\u011b\u0165 za sv\u00e9 h\u0159\u00edchy, jsou ztraceni pro v\u011b\u010dnost. Ti, kdo \u010din\u00ed pok\u00e1n\u00ed ze sv\u00fdch h\u0159\u00edch\u016f a osobn\u011b p\u0159ijmou P\u00e1na Je\u017e\u00ed\u0161e Krista jako Zachr\u00e1nce, p\u0159ij\u00edmaj\u00ed odpu\u0161t\u011bn\u00ed h\u0159\u00edch\u016f a v\u011b\u010dn\u00fd \u017eivot a Duch svat\u00fd v nich za\u010dne p\u0159eb\u00fdvat.<\/p>\n<p>(Sk 3:19-21; \u0158 10:9-13; 1K 6:9-11)<\/p>\n<p><strong>V\u011b\u0159\u00edme<\/strong>\u00a0ve k\u0159est Duchem svat\u00fdm s d\u016fkazem mluven\u00ed v jazyc\u00edch, jak Duch svat\u00fd d\u00e1v\u00e1 promlouvat. V\u011b\u0159\u00edme, \u017ee v\u0161echny dary Ducha svat\u00e9ho jsou aktu\u00e1ln\u00ed a funk\u010dn\u00ed i dnes. V\u011b\u0159\u00edme, \u017ee ovoce Ducha svat\u00e9ho m\u00e1 b\u00fdt na \u017eivot\u011b k\u0159es\u0165ana patrn\u00e9 ve st\u00e1le vzr\u016fstaj\u00edc\u00ed m\u00ed\u0159e.<\/p>\n<p>(1K 12:7-11; Mk 16:17; Sk 2:4; Ga 5; 22-23; Ef 5:8-10)<\/p>\n<p><strong>V\u011b\u0159\u00edme<\/strong>, \u017ee d\u00edlo vykoupen\u00ed P\u00e1na Je\u017e\u00ed\u0161e Krista p\u0159in\u00e1\u0161\u00ed uzdraven\u00ed pro na\u0161eho ducha, du\u0161i i t\u011blo.<\/p>\n<p>(Jr 17:14; Jr 33:6; Iz 53:5; Mt 10:8)<\/p>\n<p><strong>V\u011b\u0159\u00edme<\/strong>, \u017ee m\u00e1me uposlechnout Je\u017e\u00ed\u0161\u016fv p\u0159\u00edkaz k\u00e1zat evangelium cel\u00e9mu sv\u011btu.<\/p>\n<p>(Mt 24:14; Mt 28:19-20; \u017d 96:3; Zj 14:6-7)<\/p>\n<p><strong>V\u011b\u0159\u00edme<\/strong>, \u017ee \u010dlenov\u00e9 T\u011bla Kristova tvo\u0159\u00ed C\u00edrkev a maj\u00ed\u00a0m\u00edt\u00a0pravideln\u011b navz\u00e1jem spole\u010denstv\u00ed v m\u00edstn\u00edm sboru.<\/p>\n<p>(Sk 2:41-42; \u017dd 10:24-25; Mt 18:20; Ko 3:16)<\/p>\n<p><strong>V\u011b\u0159\u00edme<\/strong>\u00a0ve k\u0159est ve vod\u011b.<\/p>\n<p>(Mk 1:8-9; Mt 3:6,11,16)<\/p>\n<p><strong>V\u011b\u0159\u00edme<\/strong>\u00a0a vyhl\u00ed\u017e\u00edme, \u017ee P\u00e1n Je\u017e\u00ed\u0161 Kristus osobn\u011b\u00a0se\u00a0vr\u00e1t\u00ed.<\/p>\n<p>(1Te 4:16-17; \u017dd 9:28; Zj 1:7; Mt 24:36,44; J 14:1-3; Sk 1:11)<\/p>\n<p><strong>V\u011b\u0159\u00edme<\/strong>\u00a0v Bo\u017e\u00ed nem\u011bnn\u00e9 stvo\u0159en\u00ed \u010dlov\u011bka &#8211; mu\u017ee a \u017eeny &#8211; za \u00fa\u010delem zrcadlen\u00ed Bo\u017e\u00edho obrazu.<\/p>\n<p>(Gn 1:27)<\/p>\n<p><strong>V\u011b\u0159\u00edme<\/strong>, \u017ee t\u011blo ka\u017ed\u00e9ho \u010dlov\u011bka je chr\u00e1mem Ducha svat\u00e9ho a \u017ee sv\u00fdm t\u011blem m\u00e1me Boha oslavovat.<\/p>\n<p>(\u0158 12:1; 1K 6:18-20)<\/p>\n<p><strong>V\u011b\u0159\u00edme<\/strong>, \u017ee m\u00e1me chodit v Duchu svat\u00e9m a p\u0159ed sexu\u00e1ln\u00ed zvr\u00e1cenost\u00ed ut\u00edkat.<\/p>\n<p>(Ga 5:16; 1K 6:9-10; Ga 5:19-21; Zj 21:8)<\/p>\n<p><strong>V\u011b\u0159\u00edme<\/strong>, \u017ee Bible definuje man\u017eelstv\u00ed jako spojen\u00ed jednoho mu\u017ee a jedn\u00e9 \u017eeny v jeden, v\u00fdlu\u010dn\u00fd svazek.<\/p>\n<p>(Gn 2:18-25)<\/p>\n<p><strong>V\u011b\u0159\u00edme<\/strong>, \u017ee B\u016fh zam\u00fd\u0161l\u00ed sexu\u00e1ln\u00ed intimitu v\u00fdlu\u010dn\u011b mezi mu\u017eem a \u017eenou v r\u00e1mci man\u017eelstv\u00ed.<\/p>\n<p>(1K 7:2-5; \u017dd 13:4; Mk 10:6-9)<\/p>\n<p><strong>V\u011b\u0159\u00edme<\/strong>, \u017ee Bo\u017e\u00ed koncepce sexu\u00e1ln\u00ed intimity v kontextu man\u017eelstv\u00ed mezi jedn\u00edm mu\u017eem a jednou \u017eenou nedovoluje praktikovat homosexualitu gay\u016f ani leseb; \u017ee toto praktikov\u00e1n\u00ed homosexuality je neslu\u010diteln\u00e9 s t\u00edm, co Bible u\u010d\u00ed.<\/p>\n<p>(1K 6:9-10; \u0158 1:24-27; Ef 5:31-32; 1K 7:2; Mk 10:6-9; \u017dd 13:4)<\/p>\n<p><strong>V\u011b\u0159\u00edme<\/strong>, \u017ee man\u017eelstv\u00ed nen\u00ed z\u0159\u00edzen\u00ed lidsk\u00e9, ale konkr\u00e9tn\u00ed Bo\u017e\u00ed ilustrace, kter\u00e1 ukazuje na spojen\u00ed Krista a c\u00edrkve. Pouze svazek mu\u017ee a \u017eeny m\u016f\u017ee dob\u0159e ilustrovat vztah mezi Kristem a jeho C\u00edrkv\u00ed.<\/p>\n<p>(Ef 5:22-32)<\/p>\n<p><strong>V\u011b\u0159\u00edme<\/strong>\u00a0v &#8211; a z\u00e1rove\u0148 p\u0159in\u00e1\u0161\u00edme &#8211; ovzdu\u0161\u00ed l\u00e1sky a obnovy, kter\u00e9 vytv\u00e1\u0159\u00ed prostor a bezpe\u010dn\u00e9 m\u00edsto pro ty, kdo z\u00e1pas\u00ed s genderov\u00fdmi ot\u00e1zkami, kde tito lid\u00e9 mohou \u017e\u00edt podle vyty\u010den\u00e9ho biblick\u00e9ho u\u010den\u00ed, a ne podle dikt\u00e1tu sv\u00fdch vlastn\u00edch n\u00e1zor\u016f.<\/p>\n<p>(1P 1:22 \u00a0 \u00a0Kdy\u017e jste poslu\u0161nost\u00ed pravdy skrze Ducha o\u010distili sv\u00e9 du\u0161e k bratrsk\u00e9 l\u00e1sce bez p\u0159etv\u00e1\u0159ky, vroucn\u011b se navz\u00e1jem milujte z \u010dist\u00e9ho srdce.)<\/td>\n<\/tr>\n<\/tbody>\n<\/table>\n<\/div><\/section><br \/>\n<section  class='av_textblock_section av-39oead-2-4208c566093b75131a5f53ece234e4b3 '   itemscope=\"itemscope\" itemtype=\"https:\/\/schema.org\/CreativeWork\" ><div class='avia_textblock'  itemprop=\"text\" ><table>\n<tbody>\n<tr>\n<td style=\"border-color: #f3e8e8; width: 300px; background-color: #f3e8e8; vertical-align: top;\"><img loading=\"lazy\" decoding=\"async\" class=\"alignnone wp-image-3474 size-medium\" src=\"http:\/\/nove.aglow.cz\/wp-content\/uploads\/2019\/04\/point4-e1554384722219-300x297.png\" alt=\"\" width=\"300\" height=\"297\" srcset=\"https:\/\/aglow.cz\/wp-content\/uploads\/2019\/04\/point4-e1554384722219-300x297.png 300w, https:\/\/aglow.cz\/wp-content\/uploads\/2019\/04\/point4-e1554384722219-80x80.png 80w, https:\/\/aglow.cz\/wp-content\/uploads\/2019\/04\/point4-e1554384722219-768x761.png 768w, https:\/\/aglow.cz\/wp-content\/uploads\/2019\/04\/point4-e1554384722219-1030x1021.png 1030w, https:\/\/aglow.cz\/wp-content\/uploads\/2019\/04\/point4-e1554384722219-36x36.png 36w, https:\/\/aglow.cz\/wp-content\/uploads\/2019\/04\/point4-e1554384722219-705x699.png 705w, https:\/\/aglow.cz\/wp-content\/uploads\/2019\/04\/point4-e1554384722219-120x120.png 120w, https:\/\/aglow.cz\/wp-content\/uploads\/2019\/04\/point4-e1554384722219-450x446.png 450w, https:\/\/aglow.cz\/wp-content\/uploads\/2019\/04\/point4-e1554384722219.png 1034w\" sizes=\"auto, (max-width: 300px) 100vw, 300px\" \/><\/td>\n<td style=\"border-color: #f3e8e8; width: 902px; background-color: #f3e8e8; vertical-align: top;\"><span style=\"font-size: 18pt; font-family: georgia, palatino, serif; color: #592828;\">Stanovy<\/span><\/p>\n<p><span style=\"font-size: 12pt; color: #333333;\"><strong><span style=\"color: #808080; font-size: 10pt;\">1. \u00da\u010del spolku<\/span><br \/>\n<\/strong><\/span><span style=\"font-family: inherit;\"><span style=\"color: #808080;\">\u00da\u010delem spolku Aglow je dobrovoln\u00e9 sdru\u017eov\u00e1n\u00ed k\u0159es\u0165an\u016f na z\u00e1klad\u011b spole\u010dn\u00e9ho z\u00e1jmu, za \u00fa\u010delem \u0161\u00ed\u0159en\u00ed k\u0159es\u0165ansk\u00e9 etiky v\u00a0souladu s\u00a0hodnotami a posl\u00e1n\u00edm Aglow<\/span>.<\/span><\/p>\n<p><strong style=\"font-family: inherit;\"><a href=\"https:\/\/aglow.cz\/wp-content\/uploads\/2024\/12\/Stanovy-Aglow.pdf\">Cel\u00e9 stanovy v pdf<\/a><\/strong><\/td>\n<\/tr>\n<\/tbody>\n<\/table>\n<\/div><\/section><\/p><\/div>\n<style type=\"text\/css\" data-created_by=\"avia_inline_auto\" id=\"style-css-av-83vm6d-aa908ba0915cffcc8675d983b623e98d\">\n.flex_column.av-83vm6d-aa908ba0915cffcc8675d983b623e98d{\nborder-radius:0px 0px 0px 0px;\npadding:0px 0px 0px 0px;\n}\n<\/style>\n<div  class='flex_column av-83vm6d-aa908ba0915cffcc8675d983b623e98d av_one_fourth  avia-builder-el-6  el_after_av_three_fourth  el_before_av_section  avia-builder-el-last  flex_column_div av-zero-column-padding  '     ><div  class='avia-builder-widget-area clearfix  avia-builder-el-7  avia-builder-el-no-sibling '><section id=\"media_image-4\" class=\"widget clearfix widget_media_image\"><a href=\"https:\/\/etabita.cz\/\"><img loading=\"lazy\" decoding=\"async\" width=\"300\" height=\"105\" src=\"https:\/\/aglow.cz\/wp-content\/uploads\/2020\/02\/etabita.png\" class=\"image wp-image-4097  attachment-full size-full\" alt=\"\" style=\"max-width: 100%; height: auto;\" \/><\/a><span class=\"seperator extralight-border\"><\/span><\/section><\/div><\/div><\/p>\n<\/div><\/div><\/div><!-- close content main div --><\/div><\/div>\n<style type=\"text\/css\" data-created_by=\"avia_inline_auto\" id=\"style-css-av-jtu2661g-8e4aa562fbc0558f4fdc8bc4c8360b3f\">\n.avia-section.av-jtu2661g-8e4aa562fbc0558f4fdc8bc4c8360b3f{\nbackground-color:#ffffff;\nbackground-image:url(https:\/\/aglow.cz\/wp-content\/uploads\/2019\/04\/bcg-300x300.png);\nbackground-repeat:repeat;\nbackground-position:0% 0%;\nbackground-attachment:scroll;\n}\n<\/style>\n<div id='av_section_1'  class='avia-section av-jtu2661g-8e4aa562fbc0558f4fdc8bc4c8360b3f main_color avia-section-default avia-no-border-styling  avia-builder-el-8  el_after_av_one_fourth  avia-builder-el-last  avia-bg-style-scroll container_wrap sidebar_right'  data-section-bg-repeat='repeat'><div class='container av-section-cont-open' ><div class='template-page content  av-content-small alpha units'><div class='post-entry post-entry-type-page post-entry-3333'><div class='entry-content-wrapper clearfix'>\n\n<style type=\"text\/css\" data-created_by=\"avia_inline_auto\" id=\"style-css-av-jtu2r6fa-0f0343b441d4c2890531da82cee69571\">\n.flex_column.av-jtu2r6fa-0f0343b441d4c2890531da82cee69571{\nborder-radius:00px 00px 00px 00px;\npadding:40px 30px 20px 30px;\nbackground-color:rgba(255,255,255,0.79);\n}\n<\/style>\n<div  class='flex_column av-jtu2r6fa-0f0343b441d4c2890531da82cee69571 av_one_full  avia-builder-el-9  avia-builder-el-no-sibling  first flex_column_div  '     ><section  class='av_textblock_section av-jtu2pp60-692def3dc024ce3b74f874f3dd1b6b60 '   itemscope=\"itemscope\" itemtype=\"https:\/\/schema.org\/CreativeWork\" ><div class='avia_textblock'  itemprop=\"text\" ><p style=\"text-align: center;\"><span style=\"font-family: georgia, palatino, serif; font-size: 18pt; color: #803120;\">N\u00e1\u0161 t\u00fdm<\/span><\/p>\n<\/div><\/section><br \/>\n\n<style type=\"text\/css\" data-created_by=\"avia_inline_auto\" id=\"style-css-av-ju2q82eb-d7368069f3eeda2c3824f2e626d842f5\">\n#top .hr.av-ju2q82eb-d7368069f3eeda2c3824f2e626d842f5{\nmargin-top:20px;\nmargin-bottom:15px;\n}\n.hr.av-ju2q82eb-d7368069f3eeda2c3824f2e626d842f5 .hr-inner{\nwidth:200px;\nborder-color:#803120;\nmax-width:45%;\n}\n.hr.av-ju2q82eb-d7368069f3eeda2c3824f2e626d842f5 .av-seperator-icon{\ncolor:#803120;\n}\n.hr.av-ju2q82eb-d7368069f3eeda2c3824f2e626d842f5 .av-seperator-icon.avia-svg-icon svg:first-child{\nfill:#803120;\nstroke:#803120;\n}\n<\/style>\n<div  class='hr av-ju2q82eb-d7368069f3eeda2c3824f2e626d842f5 hr-custom  avia-builder-el-11  el_after_av_textblock  el_before_av_textblock  hr-center hr-icon-yes'><span class='hr-inner inner-border-av-border-thin'><span class=\"hr-inner-style\"><\/span><\/span><span class='av-seperator-icon avia-iconfont avia-font-entypo-fontello' data-av_icon='\ue806' data-av_iconfont='entypo-fontello' ><\/span><span class='hr-inner inner-border-av-border-thin'><span class=\"hr-inner-style\"><\/span><\/span><\/div><br \/>\n<section  class='av_textblock_section av-jtu2pp60-1-1a1e0a9345af7bb6b1deba1376987df3 '   itemscope=\"itemscope\" itemtype=\"https:\/\/schema.org\/CreativeWork\" ><div class='avia_textblock'  itemprop=\"text\" >\t<!-- wpshopmart team builder design 1 wrapper -->\r\n\t<div class=\"wpsm_team_1_b_row\" id=\"wpsm_team_1_b_row_3942\">\r\n\t\t<div class=\"wpsm_row\">  \r\n\t\t\t<style>\r\n\t\t\t#wpsm_team_1_b_row_3942 .wpsm_team_1_member_wrapper_inner h3{\r\n\t\t\t\tcolor:#4c4c4c !important;\r\n\t\t\t\tfont-size:18px !important;\r\n\t\t\t\t\t\t\t\t  font-family:'Open Sans';\r\n\t\t\t\t\t\t\t\t\r\n\t\t\t}\r\n\t\t\t#wpsm_team_1_b_row_3942 .wpsm_team_1_name_divider{\r\n\t\t\t\tbackground-color:#4c4c4c !important;\r\n\t\t\t}\r\n\t\t\t#wpsm_team_1_b_row_3942 .wpsm_team_1_b_desig{\r\n\t\t\t\tcolor:#000000 !important;\r\n\t\t\t\tfont-size:14px !important;\r\n\t\t\t\t\t\t\t\t   font-family:'Open Sans';\r\n\t\t\t\t\t\t\t}\r\n\t\t\t#wpsm_team_1_b_row_3942 .wpsm_team_1_b_desc{\r\n\t\t\t\tcolor:#000000 !important;\r\n\t\t\t\tfont-size:14px !important;\r\n\t\t\t\t\t\t\t\t   font-family:'Open Sans';\r\n\t\t\t\t\t\t\t}\r\n\t\t\t#wpsm_team_1_b_row_3942  p{\r\n\t\t\t\tcolor:#000000 !important;\r\n\t\t\t\tfont-size:14px !important;\r\n\t\t\t    \t\t\t\t   font-family:'Open Sans';\r\n\t\t\t\t\t\t\t\t\r\n\t\t\t}\r\n\t\t\t\r\n\t\t\t#wpsm_team_1_b_row_3942 .wpsm_team_1_social_div a i{\r\n\t\t\t\tcolor:#4f4f4f !important;\r\n\t\t\t\tbackground:#e5c0c0 !important;\r\n\t\t\t}\r\n\t\t\t\t\t\t\r\n\t\t\t<\/style>\r\n\t\t\t\t\t\t \r\n\t\t\t\t\t<div class=\"wpsm_col-md-3 wpsm_col-sm-6 wpsm-col-div wpsm_single_team\">\r\n\t\t\t\t\t\t<div class=\"wpsm_team_1_member_wrapper\">\r\n\t\t\t\t\t\t\t<img decoding=\"async\" class=\"img-responsive wpsm_team_1_mem_img\" src=\"https:\/\/aglow.cz\/wp-content\/uploads\/2019\/04\/Eva.Stejskalov\u00e1-e1568795288918.jpg\" alt=\"Eva Stejskalov\u00e1\">\r\n\t\t\t\t\t\t\t<div class=\"wpsm_team_1_member_wrapper_inner\">\r\n\t\t\t\t\t\t\t\t<h3>\r\n\t\t\t\t\t\t\t\t\tEva Stejskalov\u00e1\t\t\t\t\t\t\t\t\t<div class=\"wpsm_team_1_name_divider\"><\/div>\r\n\t\t\t\t\t\t\t\t<\/h3>\r\n\t\t\t\t\t\t\t\t<span class=\"wpsm_team_1_b_desig\"> P\u0159edseda Aglow z.s. <\/span> \t\t\t\t\t\t\t\t<p class=\"wpsm_team_1_b_desc\"> zirafkaefka@gmail.com <\/p> \t\t\t\t\t\t\t\t<div class=\"wpsm_team_1_social_div\">\r\n\t\t\t\t\t\t\t\t\t\t\t\t\t\t\t\t\t\t\t\t\t\t\t\t\t\t\t\t\t\t\t\t\t\t\t\t\t\t\t\t\t\t\t\t<\/div>\r\n\t\t\t\t\t\t\t<\/div>\r\n\t\t\t\t\t\t<\/div>\r\n\t\t\t\t\t<\/div>\r\n\t\t\t\t\t\t\t\t\t\t\t\t\t \r\n\t\t\t\t\t<div class=\"wpsm_col-md-3 wpsm_col-sm-6 wpsm-col-div wpsm_single_team\">\r\n\t\t\t\t\t\t<div class=\"wpsm_team_1_member_wrapper\">\r\n\t\t\t\t\t\t\t<img decoding=\"async\" class=\"img-responsive wpsm_team_1_mem_img\" src=\"https:\/\/aglow.cz\/wp-content\/uploads\/2022\/04\/ilona.jpg\" alt=\"Ilona Novotn\u00e1\">\r\n\t\t\t\t\t\t\t<div class=\"wpsm_team_1_member_wrapper_inner\">\r\n\t\t\t\t\t\t\t\t<h3>\r\n\t\t\t\t\t\t\t\t\tIlona Novotn\u00e1\t\t\t\t\t\t\t\t\t<div class=\"wpsm_team_1_name_divider\"><\/div>\r\n\t\t\t\t\t\t\t\t<\/h3>\r\n\t\t\t\t\t\t\t\t<span class=\"wpsm_team_1_b_desig\"> Modlitby <\/span> \t\t\t\t\t\t\t\t<p class=\"wpsm_team_1_b_desc\"> novotna.cr@centrum.cz <\/p> \t\t\t\t\t\t\t\t<div class=\"wpsm_team_1_social_div\">\r\n\t\t\t\t\t\t\t\t\t\t\t\t\t\t\t\t\t\t\t\t\t\t\t\t\t\t\t\t\t\t\t\t\t\t\t\t\t\t\t\t\t\t\t\t<\/div>\r\n\t\t\t\t\t\t\t<\/div>\r\n\t\t\t\t\t\t<\/div>\r\n\t\t\t\t\t<\/div>\r\n\t\t\t\t\t\t\t\t\t\t\t\t\t \r\n\t\t\t\t\t<div class=\"wpsm_col-md-3 wpsm_col-sm-6 wpsm-col-div wpsm_single_team\">\r\n\t\t\t\t\t\t<div class=\"wpsm_team_1_member_wrapper\">\r\n\t\t\t\t\t\t\t<img decoding=\"async\" class=\"img-responsive wpsm_team_1_mem_img\" src=\"https:\/\/aglow.cz\/wp-content\/uploads\/2019\/09\/cid_453B1A8D-DADB-43C8-96EE-6684709A5684-e1574948977877.jpg\" alt=\"Monika Bake\u0161ov\u00e1\">\r\n\t\t\t\t\t\t\t<div class=\"wpsm_team_1_member_wrapper_inner\">\r\n\t\t\t\t\t\t\t\t<h3>\r\n\t\t\t\t\t\t\t\t\tMonika Bake\u0161ov\u00e1\t\t\t\t\t\t\t\t\t<div class=\"wpsm_team_1_name_divider\"><\/div>\r\n\t\t\t\t\t\t\t\t<\/h3>\r\n\t\t\t\t\t\t\t\t<span class=\"wpsm_team_1_b_desig\"> Statut\u00e1rn\u00ed z\u00e1stupce <\/span> \t\t\t\t\t\t\t\t<p class=\"wpsm_team_1_b_desc\"> m.bakesova@seznam.cz <\/p> \t\t\t\t\t\t\t\t<div class=\"wpsm_team_1_social_div\">\r\n\t\t\t\t\t\t\t\t\t\t\t\t\t\t\t\t\t\t\t\t\t\t\t\t\t\t\t\t\t\t\t\t\t\t\t\t\t\t\t\t\t\t\t\t<\/div>\r\n\t\t\t\t\t\t\t<\/div>\r\n\t\t\t\t\t\t<\/div>\r\n\t\t\t\t\t<\/div>\r\n\t\t\t\t\t\t\t\t\t\t\t\t\r\n\t\t<\/div>\r\n\t<\/div>\n<\/div><\/section><\/p><\/div>\n<\/div><\/div><\/div><!-- close content main div --><\/div><\/div><div id='after_section_1'  class='main_color av_default_container_wrap container_wrap sidebar_right'  ><div class='container av-section-cont-open' ><div class='template-page content  av-content-small alpha units'><div class='post-entry post-entry-type-page post-entry-3333'><div class='entry-content-wrapper clearfix'>\n","protected":false},"excerpt":{"rendered":"","protected":false},"author":2,"featured_media":0,"parent":3240,"menu_order":0,"comment_status":"open","ping_status":"open","template":"","meta":{"footnotes":""},"class_list":["post-3333","page","type-page","status-publish","hentry"],"_links":{"self":[{"href":"https:\/\/aglow.cz\/index.php\/wp-json\/wp\/v2\/pages\/3333","targetHints":{"allow":["GET"]}}],"collection":[{"href":"https:\/\/aglow.cz\/index.php\/wp-json\/wp\/v2\/pages"}],"about":[{"href":"https:\/\/aglow.cz\/index.php\/wp-json\/wp\/v2\/types\/page"}],"author":[{"embeddable":true,"href":"https:\/\/aglow.cz\/index.php\/wp-json\/wp\/v2\/users\/2"}],"replies":[{"embeddable":true,"href":"https:\/\/aglow.cz\/index.php\/wp-json\/wp\/v2\/comments?post=3333"}],"version-history":[{"count":15,"href":"https:\/\/aglow.cz\/index.php\/wp-json\/wp\/v2\/pages\/3333\/revisions"}],"predecessor-version":[{"id":4365,"href":"https:\/\/aglow.cz\/index.php\/wp-json\/wp\/v2\/pages\/3333\/revisions\/4365"}],"up":[{"embeddable":true,"href":"https:\/\/aglow.cz\/index.php\/wp-json\/wp\/v2\/pages\/3240"}],"wp:attachment":[{"href":"https:\/\/aglow.cz\/index.php\/wp-json\/wp\/v2\/media?parent=3333"}],"curies":[{"name":"wp","href":"https:\/\/api.w.org\/{rel}","templated":true}]}}